{"id":16750,"date":"2019-03-11T13:33:44","date_gmt":"2019-03-11T16:33:44","guid":{"rendered":"https:\/\/www.fernandohollandaphotography.com\/real-estate-photos-real-estate-photography\/"},"modified":"2025-01-14T00:36:40","modified_gmt":"2025-01-14T03:36:40","slug":"real-estate-photos-real-estate-photography","status":"publish","type":"page","link":"https:\/\/www.fernandohollandaphotography.com\/en\/real-estate-photos-real-estate-photography\/","title":{"rendered":"Real estate photos \/ Real estate photography"},"content":{"rendered":"<h1>\n\t<\/h1>\n\t\t\t\t<a\n\t\t\thref=\"https:\/\/www.fernandohollandaphotography.com\/wp-content\/uploads\/Im\u00f3veis-Site-23-1200x675.jpg\"\n\t\t\t\t\t\trel=\"nofollow\" data-fancybox=\"images\" \n\t\t\ttitle=\"Fotos de Im\u00f3vel, Fotografia Imobiliaria interna copa\" \n\t\t\tdata-description=\"Fotos de Im\u00f3vel, Fotografia Imobiliaria interna copa\" \n\t\t\titemprop=\"contentUrl\"\n\t\t>\n\t\t<img decoding=\"async\" src=\"https:\/\/www.fernandohollandaphotography.com\/wp-content\/uploads\/Im\u00f3veis-Site-23-300x300.jpg\" alt=\"Fotos de Im\u00f3vel, Fotografia Imobiliaria interna copa\" data-no-lazy=\"1\" itemprop=\"thumbnail\" \/>\n\t\t\t<!-- Overlay Wrapper -->\n\t\t\t <!-- Overlay Wrapper Closed -->\n\t\t\t\t<\/a>\n\t\t\t\t\t\t\t<meta itemprop=\"width\" content=\"300\" \/>\n\t\t\t<meta itemprop=\"height\" content=\"300\" \/>\n\t\t\t\t<a\n\t\t\thref=\"https:\/\/www.fernandohollandaphotography.com\/wp-content\/uploads\/2018\/11\/Kondor-Im\u00f3veis-_FAH3101-Fachada-F-HDR-1024x683.jpg\"\n\t\t\t\t\t\trel=\"nofollow\" data-fancybox=\"images\" \n\t\t\ttitle=\"Kondor Im\u00f3veis _FAH3101 Fachada F -HDR\" \n\t\t\tdata-description=\"Fotos de Im\u00f3vel, Fotografia Imobiliaria fachada \" \n\t\t\titemprop=\"contentUrl\"\n\t\t>\n\t\t<img decoding=\"async\" src=\"https:\/\/www.fernandohollandaphotography.com\/wp-content\/uploads\/2018\/11\/Kondor-Im\u00f3veis-_FAH3101-Fachada-F-HDR.jpg\" alt=\"Fotos de Im\u00f3vel, Fotografia Imobiliaria fachada\" data-no-lazy=\"1\" itemprop=\"thumbnail\" \/>\n\t\t\t<!-- Overlay Wrapper -->\n\t\t\t <!-- Overlay Wrapper Closed -->\n\t\t\t\t<\/a>\n\t\t\t\t\t\t\t<meta itemprop=\"width\" content=\"2400\" \/>\n\t\t\t<meta itemprop=\"height\" content=\"1602\" \/>\n\t\t\t\t<a\n\t\t\thref=\"https:\/\/www.fernandohollandaphotography.com\/wp-content\/uploads\/Im\u00f3veis-Site-3-1200x675.jpg\"\n\t\t\t\t\t\trel=\"nofollow\" data-fancybox=\"images\" \n\t\t\ttitle=\"Fotos de Im\u00f3vel, Fotografia Imobili\u00e1ria interna closet\" \n\t\t\tdata-description=\"Fotos de Im\u00f3vel, Fotografia Imobili\u00e1ria interna closet\" \n\t\t\titemprop=\"contentUrl\"\n\t\t>\n\t\t<img decoding=\"async\" src=\"https:\/\/www.fernandohollandaphotography.com\/wp-content\/uploads\/Im\u00f3veis-Site-3-300x300.jpg\" alt=\"Fotos de Im\u00f3vel, Fotografia Imobili\u00e1ria interna closet\" data-no-lazy=\"1\" itemprop=\"thumbnail\" \/>\n\t\t\t<!-- Overlay Wrapper -->\n\t\t\t <!-- Overlay Wrapper Closed -->\n\t\t\t\t<\/a>\n\t\t\t\t\t\t\t<meta itemprop=\"width\" content=\"300\" \/>\n\t\t\t<meta itemprop=\"height\" content=\"300\" \/>\n\t\t\t\t<a\n\t\t\thref=\"https:\/\/www.fernandohollandaphotography.com\/wp-content\/uploads\/Im\u00f3veis-Site-2-1200x675.jpg\"\n\t\t\t\t\t\trel=\"nofollow\" data-fancybox=\"images\" \n\t\t\ttitle=\"Fotos de Im\u00f3vel, Fotografia Imobili\u00e1ria interna banheiro wc\" \n\t\t\tdata-description=\"Fotos de Im\u00f3vel, Fotografia Imobili\u00e1ria interna banheiro wc\" \n\t\t\titemprop=\"contentUrl\"\n\t\t>\n\t\t<img decoding=\"async\" src=\"https:\/\/www.fernandohollandaphotography.com\/wp-content\/uploads\/Im\u00f3veis-Site-2-300x300.jpg\" alt=\"Fotos de Im\u00f3vel, Fotografia Imobili\u00e1ria interna banheiro wc\" data-no-lazy=\"1\" itemprop=\"thumbnail\" \/>\n\t\t\t<!-- Overlay Wrapper -->\n\t\t\t <!-- Overlay Wrapper Closed -->\n\t\t\t\t<\/a>\n\t\t\t\t\t\t\t<meta itemprop=\"width\" content=\"300\" \/>\n\t\t\t<meta itemprop=\"height\" content=\"300\" \/>\n\t\t\t\t<a\n\t\t\thref=\"https:\/\/www.fernandohollandaphotography.com\/wp-content\/uploads\/Im\u00f3veis-Site-7--1200x675.jpg\"\n\t\t\t\t\t\trel=\"nofollow\" data-fancybox=\"images\" \n\t\t\ttitle=\"Fotos de Im\u00f3vel, Fotografia Imobiliaria interna estar social\" \n\t\t\tdata-description=\"Fotos de Im\u00f3vel, Fotografia Imobiliaria interna estar social \" \n\t\t\titemprop=\"contentUrl\"\n\t\t>\n\t\t<img decoding=\"async\" src=\"https:\/\/www.fernandohollandaphotography.com\/wp-content\/uploads\/Im\u00f3veis-Site-7--300x300.jpg\" alt=\"Fotos de Im\u00f3vel, Fotografia Imobiliaria interna estar social\" data-no-lazy=\"1\" itemprop=\"thumbnail\" \/>\n\t\t\t<!-- Overlay Wrapper -->\n\t\t\t <!-- Overlay Wrapper Closed -->\n\t\t\t\t<\/a>\n\t\t\t\t\t\t\t<meta itemprop=\"width\" content=\"300\" \/>\n\t\t\t<meta itemprop=\"height\" content=\"300\" \/>\n\t\t\t\t<a\n\t\t\thref=\"https:\/\/www.fernandohollandaphotography.com\/wp-content\/uploads\/Foto-360\u00ba-Capa-360\u00ba-Tour-Virtual-Tour-Virtual-360\u00ba-Salao-de-Eventos-Washington-Ortega-104434--1200x675.jpg\"\n\t\t\t\t\t\trel=\"nofollow\" data-fancybox=\"images\" \n\t\t\ttitle=\"Foto 360\u00ba Capa 360\u00ba Tour Virtual Tour Virtual 360\u00ba Salao de Eventos Washington Ortega 104434\" \n\t\t\tdata-description=\"Foto 360\u00ba Capa 360\u00ba Tour Virtual Tour Virtual 360\u00ba Salao de Eventos Washington Ortega 104434\" \n\t\t\titemprop=\"contentUrl\"\n\t\t>\n\t\t<img decoding=\"async\" src=\"https:\/\/www.fernandohollandaphotography.com\/wp-content\/uploads\/Foto-360\u00ba-Capa-360\u00ba-Tour-Virtual-Tour-Virtual-360\u00ba-Salao-de-Eventos-Washington-Ortega-104434--300x300.jpg\" alt=\"Foto 360\u00ba Capa 360\u00ba Tour Virtual Tour Virtual 360\u00ba Salao de Eventos Washington Ortega 104434\" data-no-lazy=\"1\" itemprop=\"thumbnail\" \/>\n\t\t\t<!-- Overlay Wrapper -->\n\t\t\t <!-- Overlay Wrapper Closed -->\n\t\t\t\t<\/a>\n\t\t\t\t\t\t\t<meta itemprop=\"width\" content=\"300\" \/>\n\t\t\t<meta itemprop=\"height\" content=\"300\" \/>\n\t\t\t\t<a\n\t\t\thref=\"https:\/\/www.fernandohollandaphotography.com\/wp-content\/uploads\/Foto-360\u00ba-Capa-360\u00ba-Tour-Virtual-Tour-Virtual-360\u00ba-Lancaster-Residence100812-1200x675.jpg\"\n\t\t\t\t\t\trel=\"nofollow\" data-fancybox=\"images\" \n\t\t\ttitle=\"Foto 360\u00ba Capa 360\u00ba Tour Virtual Tour Virtual 360\u00ba Lancaster Residence100812\" \n\t\t\tdata-description=\"Foto 360\u00ba Capa 360\u00ba Tour Virtual Tour Virtual 360\u00ba Lancaster Residence100812\" \n\t\t\titemprop=\"contentUrl\"\n\t\t>\n\t\t<img decoding=\"async\" src=\"https:\/\/www.fernandohollandaphotography.com\/wp-content\/uploads\/Foto-360\u00ba-Capa-360\u00ba-Tour-Virtual-Tour-Virtual-360\u00ba-Lancaster-Residence100812-300x300.jpg\" alt=\"Foto 360\u00ba Capa 360\u00ba Tour Virtual Tour Virtual 360\u00ba Lancaster Residence100812\" data-no-lazy=\"1\" itemprop=\"thumbnail\" \/>\n\t\t\t<!-- Overlay Wrapper -->\n\t\t\t <!-- Overlay Wrapper Closed -->\n\t\t\t\t<\/a>\n\t\t\t\t\t\t\t<meta itemprop=\"width\" content=\"300\" \/>\n\t\t\t<meta itemprop=\"height\" content=\"300\" \/>\n\t\t\t\t<a\n\t\t\thref=\"https:\/\/www.fernandohollandaphotography.com\/wp-content\/uploads\/Im\u00f3veis-Site-1-1200x801.jpg\"\n\t\t\t\t\t\trel=\"nofollow\" data-fancybox=\"images\" \n\t\t\ttitle=\"Fotos de Im\u00f3vel, Fotografia Imobiliaria fachada\" \n\t\t\tdata-description=\"Fotos de Im\u00f3vel, Fotografia Imobili\u00e1ria fachada\" \n\t\t\titemprop=\"contentUrl\"\n\t\t>\n\t\t<img decoding=\"async\" src=\"https:\/\/www.fernandohollandaphotography.com\/wp-content\/uploads\/Im\u00f3veis-Site-1-300x300.jpg\" alt=\"Fotos de Im\u00f3vel, Fotografia Imobili\u00e1ria fachada\" data-no-lazy=\"1\" itemprop=\"thumbnail\" \/>\n\t\t\t<!-- Overlay Wrapper -->\n\t\t\t <!-- Overlay Wrapper Closed -->\n\t\t\t\t<\/a>\n\t\t\t\t\t\t\t<meta itemprop=\"width\" content=\"300\" \/>\n\t\t\t<meta itemprop=\"height\" content=\"300\" \/>\n\t\t\t\t<a\n\t\t\thref=\"https:\/\/www.fernandohollandaphotography.com\/wp-content\/uploads\/2018\/11\/Kondor-Im\u00f3veis-_FAH2867-Wc-Suite-3-F-HDR-1024x683.jpg\"\n\t\t\t\t\t\trel=\"nofollow\" data-fancybox=\"images\" \n\t\t\ttitle=\"Fotos de Im\u00f3vel, Fotografia Imobiliaria interna banheiro wc\" \n\t\t\tdata-description=\"Fotos de Im\u00f3vel, Fotografia Imobiliaria interna banheiro wc \" \n\t\t\titemprop=\"contentUrl\"\n\t\t>\n\t\t<img decoding=\"async\" src=\"https:\/\/www.fernandohollandaphotography.com\/wp-content\/uploads\/2018\/11\/Kondor-Im\u00f3veis-_FAH2867-Wc-Suite-3-F-HDR.jpg\" alt=\"Fotos de Im\u00f3vel, Fotografia Imobiliaria interna banheiro wc\" data-no-lazy=\"1\" itemprop=\"thumbnail\" \/>\n\t\t\t<!-- Overlay Wrapper -->\n\t\t\t <!-- Overlay Wrapper Closed -->\n\t\t\t\t<\/a>\n\t\t\t\t\t\t\t<meta itemprop=\"width\" content=\"2400\" \/>\n\t\t\t<meta itemprop=\"height\" content=\"1602\" \/>\n\t\t\t\t<a\n\t\t\thref=\"https:\/\/www.fernandohollandaphotography.com\/wp-content\/uploads\/Im\u00f3veis-Site-15--1200x675.jpg\"\n\t\t\t\t\t\trel=\"nofollow\" data-fancybox=\"images\" \n\t\t\ttitle=\"Fotos de Im\u00f3vel, Fotografia Imobiliaria interna quarto\" \n\t\t\tdata-description=\"Fotos de Im\u00f3vel, Fotografia Imobiliaria interna quarto\" \n\t\t\titemprop=\"contentUrl\"\n\t\t>\n\t\t<img decoding=\"async\" src=\"https:\/\/www.fernandohollandaphotography.com\/wp-content\/uploads\/Im\u00f3veis-Site-15--300x300.jpg\" alt=\"Fotos de Im\u00f3vel, Fotografia Imobiliaria interna quarto\" data-no-lazy=\"1\" itemprop=\"thumbnail\" \/>\n\t\t\t<!-- Overlay Wrapper -->\n\t\t\t <!-- Overlay Wrapper Closed -->\n\t\t\t\t<\/a>\n\t\t\t\t\t\t\t<meta itemprop=\"width\" content=\"300\" \/>\n\t\t\t<meta itemprop=\"height\" content=\"300\" \/>\n\t\t\t\t<a\n\t\t\thref=\"https:\/\/www.fernandohollandaphotography.com\/wp-content\/uploads\/Foto-360\u00ba-Capa-360\u00ba-Tour-Virtual-Tour-Virtual-360\u00ba-LEssence-192721--1200x675.jpg\"\n\t\t\t\t\t\trel=\"nofollow\" data-fancybox=\"images\" \n\t\t\ttitle=\"Foto 360\u00ba Capa 360\u00ba Tour Virtual Tour Virtual 360\u00ba LEssence 192721\" \n\t\t\tdata-description=\"Foto 360\u00ba Capa 360\u00ba Tour Virtual Tour Virtual 360\u00ba LEssence 192721\" \n\t\t\titemprop=\"contentUrl\"\n\t\t>\n\t\t<img decoding=\"async\" src=\"https:\/\/www.fernandohollandaphotography.com\/wp-content\/uploads\/Foto-360\u00ba-Capa-360\u00ba-Tour-Virtual-Tour-Virtual-360\u00ba-LEssence-192721--300x300.jpg\" alt=\"Foto 360\u00ba Capa 360\u00ba Tour Virtual Tour Virtual 360\u00ba LEssence 192721\" data-no-lazy=\"1\" itemprop=\"thumbnail\" \/>\n\t\t\t<!-- Overlay Wrapper -->\n\t\t\t <!-- Overlay Wrapper Closed -->\n\t\t\t\t<\/a>\n\t\t\t\t\t\t\t<meta itemprop=\"width\" content=\"300\" \/>\n\t\t\t<meta itemprop=\"height\" content=\"300\" \/>\n\t\t\t\t<a\n\t\t\thref=\"https:\/\/www.fernandohollandaphotography.com\/wp-content\/uploads\/Im\u00f3veis-Site--1200x675.jpg\"\n\t\t\t\t\t\trel=\"nofollow\" data-fancybox=\"images\" \n\t\t\ttitle=\"Fotos de Im\u00f3vel, Fotografia Imobiliaria interna piscina  sala de jantar arquitetura\" \n\t\t\tdata-description=\"Fotos de Im\u00f3vel, Fotografia Imobiliaria interna piscina  sala de jantar arquitetura \" \n\t\t\titemprop=\"contentUrl\"\n\t\t>\n\t\t<img decoding=\"async\" src=\"https:\/\/www.fernandohollandaphotography.com\/wp-content\/uploads\/Im\u00f3veis-Site--300x300.jpg\" alt=\"Fotos de Im\u00f3vel, Fotografia Imobiliaria interna piscina sala de jantar arquitetura\" data-no-lazy=\"1\" itemprop=\"thumbnail\" \/>\n\t\t\t<!-- Overlay Wrapper -->\n\t\t\t <!-- Overlay Wrapper Closed -->\n\t\t\t\t<\/a>\n\t\t\t\t\t\t\t<meta itemprop=\"width\" content=\"300\" \/>\n\t\t\t<meta itemprop=\"height\" content=\"300\" \/>\n\t\t\t\t<a\n\t\t\thref=\"https:\/\/www.fernandohollandaphotography.com\/wp-content\/uploads\/Im\u00f3veis-Site-25-1200x675.jpg\"\n\t\t\t\t\t\trel=\"nofollow\" data-fancybox=\"images\" \n\t\t\ttitle=\"Fotos de Im\u00f3vel, Fotografia Imobiliaria externa\" \n\t\t\tdata-description=\"Fotos de Im\u00f3vel, Fotografia Imobiliaria externa\" \n\t\t\titemprop=\"contentUrl\"\n\t\t>\n\t\t<img decoding=\"async\" src=\"https:\/\/www.fernandohollandaphotography.com\/wp-content\/uploads\/Im\u00f3veis-Site-25-300x300.jpg\" alt=\"Fotos de Im\u00f3vel, Fotografia Imobiliaria externa\" data-no-lazy=\"1\" itemprop=\"thumbnail\" \/>\n\t\t\t<!-- Overlay Wrapper -->\n\t\t\t <!-- Overlay Wrapper Closed -->\n\t\t\t\t<\/a>\n\t\t\t\t\t\t\t<meta itemprop=\"width\" content=\"300\" \/>\n\t\t\t<meta itemprop=\"height\" content=\"300\" \/>\n\t\t\t\t<a\n\t\t\thref=\"https:\/\/www.fernandohollandaphotography.com\/wp-content\/uploads\/Im\u00f3veis-Site-2-1-1200x801.jpg\"\n\t\t\t\t\t\trel=\"nofollow\" data-fancybox=\"images\" \n\t\t\ttitle=\"Fotos de Im\u00f3vel, Fotografia Imobiliaria interna\" \n\t\t\tdata-description=\"Fotos de Im\u00f3vel, Fotografia Imobiliaria interna\" \n\t\t\titemprop=\"contentUrl\"\n\t\t>\n\t\t<img decoding=\"async\" src=\"https:\/\/www.fernandohollandaphotography.com\/wp-content\/uploads\/Im\u00f3veis-Site-2-1-300x300.jpg\" alt=\"Fotos de Im\u00f3vel, Fotografia Imobiliaria interna\" data-no-lazy=\"1\" itemprop=\"thumbnail\" \/>\n\t\t\t<!-- Overlay Wrapper -->\n\t\t\t <!-- Overlay Wrapper Closed -->\n\t\t\t\t<\/a>\n\t\t\t\t\t\t\t<meta itemprop=\"width\" content=\"300\" \/>\n\t\t\t<meta itemprop=\"height\" content=\"300\" \/>\n\t\t\t\t<a\n\t\t\thref=\"https:\/\/www.fernandohollandaphotography.com\/wp-content\/uploads\/2018\/11\/Kondor-Im\u00f3veis-_FAH2827-Suite-2-HDR-1024x683.jpg\"\n\t\t\t\t\t\trel=\"nofollow\" data-fancybox=\"images\" \n\t\t\ttitle=\"Kondor Im\u00f3veis _FAH2827- Suite 2 - HDR\" \n\t\t\tdata-description=\"\" \n\t\t\titemprop=\"contentUrl\"\n\t\t>\n\t\t<img decoding=\"async\" src=\"https:\/\/www.fernandohollandaphotography.com\/wp-content\/uploads\/2018\/11\/Kondor-Im\u00f3veis-_FAH2827-Suite-2-HDR.jpg\" alt=\"\" data-no-lazy=\"1\" itemprop=\"thumbnail\" \/>\n\t\t\t<!-- Overlay Wrapper -->\n\t\t\t <!-- Overlay Wrapper Closed -->\n\t\t\t\t<\/a>\n\t\t\t\t\t\t\t<meta itemprop=\"width\" content=\"2400\" \/>\n\t\t\t<meta itemprop=\"height\" content=\"1602\" \/>\n\t\t\t\t<a\n\t\t\thref=\"https:\/\/www.fernandohollandaphotography.com\/wp-content\/uploads\/Im\u00f3veis-Site-8-1200x675.jpg\"\n\t\t\t\t\t\trel=\"nofollow\" data-fancybox=\"images\" \n\t\t\ttitle=\"Fotos de Im\u00f3vel, Fotografia Imobiliaria interna sala de tv sala intima\" \n\t\t\tdata-description=\"Fotos de Im\u00f3vel, Fotografia Imobili\u00e1ria interna sala de tv sala intima\" \n\t\t\titemprop=\"contentUrl\"\n\t\t>\n\t\t<img decoding=\"async\" src=\"https:\/\/www.fernandohollandaphotography.com\/wp-content\/uploads\/Im\u00f3veis-Site-8-300x300.jpg\" alt=\"Fotos de Im\u00f3vel, Fotografia Imobiliaria interna sala de tv sala intima\" data-no-lazy=\"1\" itemprop=\"thumbnail\" \/>\n\t\t\t<!-- Overlay Wrapper -->\n\t\t\t <!-- Overlay Wrapper Closed -->\n\t\t\t\t<\/a>\n\t\t\t\t\t\t\t<meta itemprop=\"width\" content=\"300\" \/>\n\t\t\t<meta itemprop=\"height\" content=\"300\" \/>\n\t\t\t\t<a\n\t\t\thref=\"https:\/\/www.fernandohollandaphotography.com\/wp-content\/uploads\/Foto-360\u00ba-Capa-360\u00ba-Tour-Virtual-Tour-Virtual-360\u00ba-La-Mansion-2019_102048-1200x675.jpg\"\n\t\t\t\t\t\trel=\"nofollow\" data-fancybox=\"images\" \n\t\t\ttitle=\"Foto 360\u00ba Capa 360\u00ba Tour Virtual Tour Virtual 360\u00ba La Mansion 2019 102048\" \n\t\t\tdata-description=\"Foto 360\u00ba Capa 360\u00ba Tour Virtual Tour Virtual 360\u00ba La Mansion 2019 102048\" \n\t\t\titemprop=\"contentUrl\"\n\t\t>\n\t\t<img decoding=\"async\" src=\"https:\/\/www.fernandohollandaphotography.com\/wp-content\/uploads\/Foto-360\u00ba-Capa-360\u00ba-Tour-Virtual-Tour-Virtual-360\u00ba-La-Mansion-2019_102048-300x300.jpg\" alt=\"Foto 360\u00ba Capa 360\u00ba Tour Virtual Tour Virtual 360\u00ba La Mansion 2019 102048\" data-no-lazy=\"1\" itemprop=\"thumbnail\" \/>\n\t\t\t<!-- Overlay Wrapper -->\n\t\t\t <!-- Overlay Wrapper Closed -->\n\t\t\t\t<\/a>\n\t\t\t\t\t\t\t<meta itemprop=\"width\" content=\"300\" \/>\n\t\t\t<meta itemprop=\"height\" content=\"300\" \/>\n\t\t\t\t<a\n\t\t\thref=\"https:\/\/www.fernandohollandaphotography.com\/wp-content\/uploads\/Im\u00f3veis-Site-21-1200x675.jpg\"\n\t\t\t\t\t\trel=\"nofollow\" data-fancybox=\"images\" \n\t\t\ttitle=\"Fotos de Im\u00f3vel, Fotografia Imobiliaria interna\" \n\t\t\tdata-description=\"Fotos de Im\u00f3vel, Fotografia Imobiliaria interna\" \n\t\t\titemprop=\"contentUrl\"\n\t\t>\n\t\t<img decoding=\"async\" src=\"https:\/\/www.fernandohollandaphotography.com\/wp-content\/uploads\/Im\u00f3veis-Site-21-300x300.jpg\" alt=\"Fotos de Im\u00f3vel, Fotografia Imobiliaria interna\" data-no-lazy=\"1\" itemprop=\"thumbnail\" \/>\n\t\t\t<!-- Overlay Wrapper -->\n\t\t\t <!-- Overlay Wrapper Closed -->\n\t\t\t\t<\/a>\n\t\t\t\t\t\t\t<meta itemprop=\"width\" content=\"300\" \/>\n\t\t\t<meta itemprop=\"height\" content=\"300\" \/>\n\t\t\t\t<a\n\t\t\thref=\"https:\/\/www.fernandohollandaphotography.com\/wp-content\/uploads\/Villa-Benvenutti-copy-12212018_122706-1200x675.jpg\"\n\t\t\t\t\t\trel=\"nofollow\" data-fancybox=\"images\" \n\t\t\ttitle=\"Villa Benvenutti copy 12212018 122706\" \n\t\t\tdata-description=\"Villa Benvenutti\" \n\t\t\titemprop=\"contentUrl\"\n\t\t>\n\t\t<img decoding=\"async\" src=\"https:\/\/www.fernandohollandaphotography.com\/wp-content\/uploads\/Villa-Benvenutti-copy-12212018_122706-300x300.jpg\" alt=\"Villa Benvenutti\" data-no-lazy=\"1\" itemprop=\"thumbnail\" \/>\n\t\t\t<!-- Overlay Wrapper -->\n\t\t\t <!-- Overlay Wrapper Closed -->\n\t\t\t\t<\/a>\n\t\t\t\t\t\t\t<meta itemprop=\"width\" content=\"300\" \/>\n\t\t\t<meta itemprop=\"height\" content=\"300\" \/>\n\t\t<h2>Precisando de um fot\u00f3grafo?<\/h2>\n\t\tFotografia profissional com alto padr\u00e3o de qualidade.<br \/>\nCompromisso com a sua satisfa\u00e7\u00e3o.\n\t\t\t<a href=\"https:\/\/www.fernandohollandaphotography.com\/entre-em-contato\/\" target=\"_self\" role=\"button\" rel=\"noopener noreferrer\">\n\t\t\t\t\t\t\tENTRE EM CONTATO\n\t\t\t\t\t<\/a>\n","protected":false},"excerpt":{"rendered":"<p>Precisando de um fot\u00f3grafo? Fotografia profissional com alto padr\u00e3o de qualidade. Compromisso com a sua satisfa\u00e7\u00e3o. ENTRE EM CONTATO<\/p>\n","protected":false},"author":1,"featured_media":16250,"parent":0,"menu_order":6,"comment_status":"closed","ping_status":"closed","template":"","meta":{"_acf_changed":false,"footnotes":""},"class_list":["post-16750","page","type-page","status-publish","has-post-thumbnail","hentry"],"acf":[],"_links":{"self":[{"href":"https:\/\/www.fernandohollandaphotography.com\/en\/wp-json\/wp\/v2\/pages\/16750","targetHints":{"allow":["GET"]}}],"collection":[{"href":"https:\/\/www.fernandohollandaphotography.com\/en\/wp-json\/wp\/v2\/pages"}],"about":[{"href":"https:\/\/www.fernandohollandaphotography.com\/en\/wp-json\/wp\/v2\/types\/page"}],"author":[{"embeddable":true,"href":"https:\/\/www.fernandohollandaphotography.com\/en\/wp-json\/wp\/v2\/users\/1"}],"replies":[{"embeddable":true,"href":"https:\/\/www.fernandohollandaphotography.com\/en\/wp-json\/wp\/v2\/comments?post=16750"}],"version-history":[{"count":0,"href":"https:\/\/www.fernandohollandaphotography.com\/en\/wp-json\/wp\/v2\/pages\/16750\/revisions"}],"wp:featuredmedia":[{"embeddable":true,"href":"https:\/\/www.fernandohollandaphotography.com\/en\/wp-json\/wp\/v2\/media\/16250"}],"wp:attachment":[{"href":"https:\/\/www.fernandohollandaphotography.com\/en\/wp-json\/wp\/v2\/media?parent=16750"}],"curies":[{"name":"wp","href":"https:\/\/api.w.org\/{rel}","templated":true}]}}